{"id":260,"date":"2020-12-11T19:26:11","date_gmt":"2020-12-11T22:26:11","guid":{"rendered":"http:\/\/10.1.99.112\/?page_id=260"},"modified":"2026-03-26T10:40:42","modified_gmt":"2026-03-26T13:40:42","slug":"caidos-en-acto-de-servicio","status":"publish","type":"page","link":"https:\/\/www.ejercito.mil.uy\/index.php\/caidos-en-acto-de-servicio\/","title":{"rendered":"Ca\u00eddos en acto de servicio"},"content":{"rendered":"<div class=\"wp-block-image\">\n<figure class=\"aligncenter size-large coblocks-animate\" data-coblocks-animation=\"fadeIn\"><img fetchpriority=\"high\" decoding=\"async\" width=\"1024\" height=\"683\" src=\"https:\/\/www.ejercito.mil.uy\/wp-content\/uploads\/2026\/03\/Memorial.2026-1024x683.png\" alt=\"\" class=\"wp-image-56773\" srcset=\"https:\/\/www.ejercito.mil.uy\/wp-content\/uploads\/2026\/03\/Memorial.2026-1024x683.png 1024w, https:\/\/www.ejercito.mil.uy\/wp-content\/uploads\/2026\/03\/Memorial.2026-300x200.png 300w, https:\/\/www.ejercito.mil.uy\/wp-content\/uploads\/2026\/03\/Memorial.2026.png 1200w\" sizes=\"(max-width: 1024px) 100vw, 1024px\" \/><\/figure>\n<\/div>\n\n\n<p class=\"has-black-color has-text-color has-link-color wp-elements-edd33a7f2a8eab3572ce70f234e1d5b1\" style=\"font-size:21px\"><strong>Memoria a nuestros Soldados<\/strong><\/p>\n\n\n\n<p class=\"has-black-color has-text-color has-link-color wp-elements-4c15221b5ae667c5823c79f5074c0598\">Honramos a aquellos que sacrificaron sus vidas por la Fuerza para asegurarnos de que sus valientes obras no sean olvidadas. <\/p>\n\n\n\n<p class=\"has-black-color has-text-color has-link-color wp-elements-374ac920d3e9ddd3112125c768d31367\">Mantenemos en la memoria a los ilustres Soldados, de todas las jerarqu\u00edas y  de todos los tiempos que privilegiaron el Servicio a la Patria por sobre su integridad f\u00edsica.<\/p>\n\n\n\n<div style=\"height:30px\" aria-hidden=\"true\" class=\"wp-block-spacer\"><\/div>\n\n\n\n<p class=\"has-black-color has-text-color has-background has-link-color has-small-font-size wp-elements-81fa1b1f3563e98effe6fd6c5bd1920d\" style=\"background-color:#fefbf5\"><strong>Foto de portada:<\/strong> Memorial en honor a los ca\u00eddos en Actos del Servicio, inaugurado el 29 de diciembre de 2022 en la Plaza de Armas del Comando General del Ej\u00e9rcito.<\/p>\n\n\n\n<div style=\"height:30px\" aria-hidden=\"true\" class=\"wp-block-spacer\"><\/div>\n\n\n\n<p class=\"has-black-color has-text-color has-link-color has-medium-font-size wp-elements-eb4aa78b72f44036c69e6b59e9df5dbe\"><strong>En memoria de<\/strong>: <\/p>\n\n\n\n<div style=\"height:22px\" aria-hidden=\"true\" class=\"wp-block-spacer\"><\/div>\n\n\n\n<div class=\"wp-block-group tabla-scroll\"><div class=\"wp-block-group__inner-container is-layout-constrained wp-block-group-is-layout-constrained\">\n<figure class=\"wp-block-table aligncenter mi-tabla-personalizada\"><table class=\"has-black-color has-text-color has-link-color\"><tbody><tr><td><strong>Fecha<\/strong><\/td><td><strong>Jerarqu\u00eda<\/strong><\/td><td><strong>Nombre<\/strong><\/td><td><strong>Circunstancia<\/strong><\/td><\/tr><tr><td>14 OCT<br>2025<\/td><td>Capit\u00e1n<\/td><td>Leonardo Mat\u00edas Olveira Machado<\/td><td>En curso profesional &#8211; Rep\u00fablica Federativa de Brasil<\/td><\/tr><tr><td>16 ABR 2025<\/td><td>Cabo 1\u00aa<\/td><td>Julio C\u00e9sar \u00c1lvarez C\u00e1ceres<\/td><td>En cumplimiento del deber en MOP- MONUSCO<\/td><\/tr><tr><td>25 ENE 2025<\/td><td>Soldado<\/td><td>Rodolfo Cipriano \u00c1lvarez Su\u00e1rez<\/td><td>En cumplimiento del deber en MOP- MONUSCO<\/td><\/tr><tr><td>03 SET  2023<\/td><td>Alf\u00e9rez (Apy &#8211; S. y C.)<\/td><td>Kevin Javier Kraviec Alzamendi<\/td><td>En cumplimiento del deber<\/td><\/tr><tr><td>24 FEB 2021<\/td><td>Soldado<\/td><td>\u00c1ngel Eduardo Rivero Morales<\/td><td>En cumplimiento del deber<\/td><\/tr><tr><td>31 OCT 2020<\/td><td>Sargento<\/td><td>Claudio Motta Ram\u00edrez<\/td><td>En cumplimiento del deber en MOP- MONUSCO<\/td><\/tr><tr><td>23 FEB 2016<\/td><td>Alf\u00e9rez<\/td><td>Andr\u00e9s Camacho<\/td><td>En curso profesional &#8211; UY<\/td><\/tr><tr><td>28DIC2015<\/td><td>Soldado<\/td><td>Marcelo Pe\u00f1a Pellejero<\/td><td>En cumplimiento del deber en MOP- MONUSCO<\/td><\/tr><tr><td>03SET2014<\/td><td>Coronel<\/td><td>Julio Su\u00e1rez Rocha<\/td><td>En cumplimiento del deber en MOP- MONUSCO<\/td><\/tr><tr><td>12OCT2013<\/td><td>Cabo 2\u00aa<\/td><td>Alfredo Maldonado<\/td><td>En cumplimiento del deber en MOP- MONUSCO<\/td><\/tr><tr><td>13SET2013<\/td><td>Capit\u00e1n<\/td><td>Rodney Bastos<\/td><td>En cumplimiento del deber &#8211; UY<\/td><\/tr><tr><td>27OCT2012<\/td><td>Coronel<\/td><td>Ruben Hern\u00e1ndez Rodr\u00edguez<\/td><td>En cumplimiento del deber en MOP-UNMOGIP <\/td><\/tr><tr><td>12MAY2012<\/td><td>Cabo 1\u00aa<\/td><td>Oscar Del Pino<\/td><td>En cumplimiento del deber<\/td><\/tr><tr><td>11ABR2011<\/td><td>Soldado 1\u00aa<\/td><td>Wilmar Banchero <\/td><td>En cumplimiento del deber<\/td><\/tr><tr><td>12ENE2010<\/td><td>Teniente Coronel<\/td><td>Gonzalo Martiren\u00e9 Ruibal<\/td><td>En cumplimiento del deber en MOP-MINUSTAH<\/td><\/tr><tr><td>02SET2009<\/td><td>Alf\u00e9rez<\/td><td>Carlos Olivera<\/td><td>En curso profesional &#8211; UY<\/td><\/tr><tr><td>09JUL2009<\/td><td>Cabo 2\u00aa<\/td><td>Carlos Colman<\/td><td>En cumplimiento del deber<\/td><\/tr><tr><td>08DIC2008<\/td><td>Teniente 2\u00ba <br> (Apy &#8211; S. y C.)<\/td><td>Abd\u00f3n Silva Rom\u00e1n<\/td><td>En cumplimiento del deber en MOP- MONUC<\/td><\/tr><tr><td>04NOV2007<\/td><td>Soldado 1\u00aa<\/td><td>Alejandro Aguerre<\/td><td>En cumplimiento del deber<\/td><\/tr><tr><td>08ENE2006<\/td><td>Alf\u00e9rez<\/td><td>Mar\u00eda Barrios<\/td><td>En cumplimiento del deber<\/td><\/tr><tr><td>08ENE2006<\/td><td>Cabo 1\u00aa<\/td><td>Leonardo Acosta<\/td><td>En cumplimiento del deber<\/td><\/tr><tr><td>08ENE2006<\/td><td>Soldado 1\u00aa<\/td><td>Roberto Espinosa<\/td><td>En cumplimiento del deber<\/td><\/tr><tr><td>08NOV2005<\/td><td>Teniente Coronel<\/td><td>Le\u00f3n Iribarne<\/td><td>En cumplimiento del deber<\/td><\/tr><tr><td>30JUN2005<\/td><td>Teniente 1\u00ba<\/td><td>Raul Sarasola<\/td><td>En cumplimiento del deber<\/td><\/tr><tr><td>11JUN2005<\/td><td>Cabo 2\u00aa<\/td><td>Tinquer Trindade<\/td><td>En cumplimiento del deber en MOP- MONUC<\/td><\/tr><tr><td>03MAY2005<\/td><td>Cabo 2\u00aa<\/td><td>Leandro Acosta Duarte<\/td><td>En cumplimiento del deber en MOP- MINUSTAH<\/td><\/tr><tr><td>13MAY2004<\/td><td>Sargento<\/td><td>William Ferreira Cassini<\/td><td>En cumplimiento del deber en MOP- MONUC<\/td><\/tr><tr><td>19MAR2004<\/td><td>Cabo 1\u00aa<\/td><td>An\u00edbal Dos Santos Ferreira<\/td><td>En cumplimiento del deber en MOP- MONUC<\/td><\/tr><tr><td>16JUL2003<\/td><td>Soldado 1\u00aa<\/td><td>Ruben Silveira Peralta<\/td><td>En cumplimiento del deber en MOP- MONUC<\/td><\/tr><tr><td>09NOV2002<\/td><td>Mayor<\/td><td>Oscar Gorgoroso L\u00f3pez<\/td><td>En cumplimiento del deber en MOP- MONUC<\/td><\/tr><tr><td>16ENE2002<\/td><td>Teniente 1\u00ba<\/td><td>C\u00e9sar C\u00e1mara<\/td><td>En cumplimiento del deber<\/td><\/tr><tr><td>05JUN2001<\/td><td>Soldado 1\u00aa<\/td><td>Alberto Bica<\/td><td>En cumplimiento del deber<\/td><\/tr><tr><td>25MAY2000<\/td><td>Sargento<\/td><td>Juan da Costa<\/td><td>En cumplimiento del deber<\/td><\/tr><tr><td>31OCT1998<\/td><td>Soldado 1\u00aa<\/td><td>Bibiano Figueroa<\/td><td>En cumplimiento del deber<\/td><\/tr><tr><td>20JUL1998<\/td><td>Mayor<\/td><td>Adolfo Scharpegge Mombru<\/td><td>En cumplimiento del deber en MOP- UNMOT<\/td><\/tr><tr><td>07SET1997<\/td><td>Soldado 1\u00aa<\/td><td>Adelino Hern\u00e1ndez<\/td><td>En cumplimiento del deber<\/td><\/tr><tr><td>31MAR1996<\/td><td>Soldado 1\u00aa<\/td><td>Oscar Quiroga<\/td><td>En cumplimiento del deber en MOP- UNAVEM III<\/td><\/tr><tr><td>17OCT1995<\/td><td>Cabo 1\u00aa<\/td><td>Roberto Figueira<\/td><td>En cumplimiento del deber<\/td><\/tr><tr><td>17JUN1994<\/td><td>Mayor<\/td><td>Juan Sosa Machado<\/td><td>En cumplimiento del deber en MOP- UNAMIR<\/td><\/tr><tr><td>07DIC1993<\/td><td>Soldado 1\u00aa<\/td><td>Nelson Pereira Lezcano<\/td><td>En cumplimiento del deber en MOP- UNUMOZ<\/td><\/tr><tr><td>31MAY1993<\/td><td>Soldado 1\u00aa<\/td><td>Gerardo Aquino Pereira<\/td><td>En cumplimiento del deber en MOP- UNTAC<\/td><\/tr><tr><td>21MAY1993<\/td><td>Cabo 1\u00aa<\/td><td>Eduardo Lobelcho Mart\u00ednez<\/td><td>En cumplimiento del deber en MOP- ONUMOZ<\/td><\/tr><tr><td>21MAY1993<\/td><td>Cabo 1\u00aa<\/td><td>V\u00edctor Vel\u00e1zquez Echegoyen<\/td><td>En cumplimiento del deber en MOP- ONUMOZ<\/td><\/tr><tr><td>08MAY1993<\/td><td>Soldado 1\u00aa<\/td><td>Juan J. Quintana<\/td><td>En cumplimiento del deber<\/td><\/tr><tr><td>11ABR1993<\/td><td>Cabo 1\u00aa<\/td><td>Gabriel L\u00f3pez Steinhardt<\/td><td>En cumplimiento del deber en MOP- UNTAC<\/td><\/tr><tr><td>24SET1993<\/td><td>Sargento<\/td><td>Jorge Silvera<\/td><td>En cumplimiento del deber<\/td><\/tr><tr><td>25OCT1991<\/td><td>Soldado 1\u00aa<\/td><td>Pedro Silva<\/td><td>En cumplimiento del deber<\/td><\/tr><tr><td>24JUN1991<\/td><td>Alf\u00e9rez<\/td><td>Alexis Gonz\u00e1lez<\/td><td>En cumplimiento del deber<\/td><\/tr><tr><td>23ABR1989<\/td><td>Sargento<\/td><td>El\u00edas Hern\u00e1ndez<\/td><td>En cumplimiento del deber<\/td><\/tr><tr><td>05MAY1987<\/td><td>Teniente 2\u00ba<\/td><td>Luis Lamas<\/td><td>En cumplimiento del deber<\/td><\/tr><tr><td>24JUL1986<\/td><td>Cabo 2\u00aa<\/td><td>Jos\u00e9 Pintos<\/td><td>En cumplimiento del deber<\/td><\/tr><tr><td>15JUL1985<\/td><td>Soldado 1\u00aa<\/td><td>Aur\u00e9 Granada<\/td><td>En cumplimiento del deber<\/td><\/tr><tr><td>11JUN1984<\/td><td>Soldado 1\u00aa<\/td><td>\u00c1ngel G\u00f3mez<\/td><td>En cumplimiento del deber<\/td><\/tr><tr><td>30DIC1983<\/td><td>Soldado 1\u00aa<\/td><td>Hugo Vel\u00e1squez<\/td><td>En cumplimiento del deber<\/td><\/tr><tr><td>25MAR1983<\/td><td>Soldado 2\u00aa<\/td><td>H\u00e9ctor Valerio<\/td><td>En cumplimiento del deber<\/td><\/tr><tr><td>17FEB1982<\/td><td>Cabo 2\u00aa<\/td><td>Juan Severo<\/td><td>En cumplimiento del deber<\/td><\/tr><tr><td>06OCT1980<\/td><td>Teniente 1\u00ba<\/td><td>Alfredo Maturro<\/td><td>En curso profesional en el exterior<\/td><\/tr><tr><td>09DIC1980<\/td><td>Soldado 1\u00aa<\/td><td>Alberto Mart\u00ednez<\/td><td>En cumplimiento del deber<\/td><\/tr><tr><td>27MAY1979<\/td><td>Aspirante<\/td><td>Fernando Magallanes<\/td><td>En cumplimiento del deber<\/td><\/tr><tr><td>26MAY1979<\/td><td>Cabo 2\u00aa<\/td><td>V\u00edctor V\u00e1zquez<\/td><td>En cumplimiento del deber<\/td><\/tr><tr><td>19FEB1977<\/td><td>Cabo Honorario<\/td><td>Hugo Dur\u00e1n<\/td><td>En cumplimiento del deber- Cadete de la Escuela Militar<\/td><\/tr><tr><td>07NOV1976<\/td><td>Sargento<\/td><td>Juan Alan\u00eds<\/td><td>En cumplimiento del deber<\/td><\/tr><tr><td>19FEB1976<\/td><td>Capit\u00e1n<\/td><td>Roberto Botti<\/td><td>En cumplimiento del deber<\/td><\/tr><tr><td>24ENE1976<\/td><td>Soldado 1\u00aa<\/td><td>Juan Ferreira<\/td><td>En cumplimiento del deber<\/td><\/tr><tr><td>19DIC1974<\/td><td>Coronel<\/td><td>Ram\u00f3n Trabal<\/td><td>En cumplimiento del deber<\/td><\/tr><tr><td>11JUL1974<\/td><td>Capit\u00e1n <\/td><td>Julio Guti\u00e9rrez<\/td><td>En cumplimiento del deber<\/td><\/tr><tr><td>23ABR1974<\/td><td>Sargento<\/td><td>Artigas Maya<\/td><td>En cumplimiento del deber<\/td><\/tr><tr><td>01ABR1974<\/td><td>Soldado 1\u00aa<\/td><td>Nelson Vique<\/td><td>En cumplimiento del deber<\/td><\/tr><tr><td>31ENE1974<\/td><td>Capit\u00e1n<\/td><td>Wilfredo Busconi<\/td><td>En cumplimiento del deber<\/td><\/tr><tr><td>17NOV1973<\/td><td>Soldado 1\u00aa<\/td><td>Ivo Lima<\/td><td>En cumplimiento del deber<\/td><\/tr><tr><td>18ABR1973<\/td><td>Soldado 1\u00aa<\/td><td>Lucio Rodr\u00edguez<\/td><td>En cumplimiento del deber<\/td><\/tr><tr><td>19AGO1972<\/td><td>Teniente 2\u00ba<\/td><td>Ricardo Braida<\/td><td>En cumplimiento del deber<\/td><\/tr><tr><td>25JUL1972<\/td><td>Coronel<\/td><td>Artigas \u00c1lvarez<\/td><td>En cumplimiento del deber<\/td><\/tr><tr><td>23JUN1972<\/td><td>Soldado 1\u00aa<\/td><td>V\u00edctor Aguilar<\/td><td>En cumplimiento del deber<\/td><\/tr><tr><td>23JUN1972<\/td><td>Soldado 1\u00aa<\/td><td>Eduardo Delgado<\/td><td>En cumplimiento del deber<\/td><\/tr><tr><td>15JUN1972<\/td><td>Soldado 1\u00aa<\/td><td>Eusebio Godoy<\/td><td>En cumplimiento del deber<\/td><\/tr><tr><td>20ABR1972<\/td><td>Soldado 1\u00aa<\/td><td>Luis N\u00fa\u00f1ez<\/td><td>En cumplimiento del deber<\/td><\/tr><tr><td>18MAY1972<\/td><td>Soldado 1\u00aa<\/td><td>Osiris N\u00fa\u00f1ez<\/td><td>En cumplimiento del deber<\/td><\/tr><tr><td>18MAY1972<\/td><td>Soldado 1\u00aa<\/td><td>Sa\u00fal Correa<\/td><td>En cumplimiento del deber<\/td><\/tr><tr><td>18MAY1972<\/td><td>Soldado 1\u00aa<\/td><td>Ram\u00f3n Ferreira<\/td><td>En cumplimiento del deber<\/td><\/tr><tr><td>18MAY1972<\/td><td>Soldado 1\u00aa<\/td><td>Gaudencio N\u00fa\u00f1ez<\/td><td>En cumplimiento del deber<\/td><\/tr><tr><td>03MAY1970<\/td><td>Cabo 1\u00aa<\/td><td>Ram\u00f3n Rodr\u00edguez<\/td><td>En cumplimiento del deber<\/td><\/tr><tr><td>29MAR1966<\/td><td>Soldado 1\u00aa<\/td><td>Antonio \u00c1lvarez<\/td><td>En cumplimiento del deber<\/td><\/tr><tr><td>24FEB1966<\/td><td>Soldado 1\u00aa<\/td><td>Ismael Sosa<\/td><td>En cumplimiento del deber<\/td><\/tr><tr><td>10JUN1961<\/td><td>Soldado 2\u00aa<\/td><td>Te\u00f3filo Dutra<\/td><td>En cumplimiento del deber<\/td><\/tr><tr><td>10JUN1961<\/td><td>Soldado 2\u00aa<\/td><td>Ram\u00f3n Perochena<\/td><td>En cumplimiento del deber<\/td><\/tr><tr><td>10JUN1961<\/td><td>Soldado 2\u00aa<\/td><td>Beltr\u00e1n Fag\u00fandez<\/td><td>En cumplimiento del deber<\/td><\/tr><tr><td>10JUN1961<\/td><td>Soldado 1\u00aa<\/td><td>Julio Cazziz<\/td><td>En cumplimiento del deber<\/td><\/tr><tr><td>10JUN1961<\/td><td>Soldado 1\u00aa<\/td><td>Benjam\u00edn Da Costa<\/td><td>En cumplimiento del deber<\/td><\/tr><tr><td>10JUN1961<\/td><td>Cabo 2\u00aa<\/td><td>Miguel Casa<\/td><td>En cumplimiento del deber<\/td><\/tr><tr><td>10JUN1961<\/td><td>Sargento<\/td><td>Julio Ben\u00edtez<\/td><td>En cumplimiento del deber<\/td><\/tr><tr><td>10JUN1961<\/td><td>Sargento<\/td><td>Filomeno Acosta<\/td><td>En cumplimiento del deber<\/td><\/tr><tr><td>10JUN1961<\/td><td>Alf\u00e9rez<\/td><td>Eduardo Maio<\/td><td>En cumplimiento del deber<\/td><\/tr><tr><td>07DIC1955<\/td><td>Cadete<\/td><td>\u00c1lvaro Frutos<\/td><td>En cumplimiento del deber- Cadete de la Escuela Militar<\/td><\/tr><tr><td>07DIC1955<\/td><td>Cadete<\/td><td>Carlos Coitinho<\/td><td>En cumplimiento del deber- Cadete de la Escuela Militar<\/td><\/tr><tr><td>07FEB1949<\/td><td>Cadete<\/td><td>Ernesto Pasos<\/td><td>En cumplimiento del deber- Cadete de la Escuela Militar<\/td><\/tr><tr><td>01SET1904<\/td><td>Teniente 1\u00ba<\/td><td>Maj\u00edn Folch<\/td><td>Campa\u00f1a Militar de 1904<\/td><\/tr><tr><td>01SET1904<\/td><td>Sargento Mayor<\/td><td>Manuel Medina<\/td><td>Campa\u00f1a Militar de 1904<\/td><\/tr><tr><td>09AGO1904<\/td><td>Capit\u00e1n<\/td><td>Heraclio Almeida<\/td><td>Campa\u00f1a Militar de 1904<\/td><\/tr><tr><td>12JUL1904<\/td><td>Teniente 2\u00ba<\/td><td>Lonel Dom\u00ednguez<\/td><td>Campa\u00f1a Militar de 1904<\/td><\/tr><tr><td>26JUN1904<\/td><td>Sargento Mayor<\/td><td>Roque Berruhet<\/td><td>Campa\u00f1a Militar de 1904<\/td><\/tr><tr><td>24JUN1904<\/td><td>Capit\u00e1n <\/td><td>Julio Canto<\/td><td>Campa\u00f1a Militar de 1904<\/td><\/tr><tr><td>23JUN1904<\/td><td>Capit\u00e1n<\/td><td>Juan Villar<\/td><td>Campa\u00f1a Militar de 1904<\/td><\/tr><tr><td>23JUN1904<\/td><td>Teniente 1\u00ba<\/td><td>Alejandro Pozzolo<\/td><td>Campa\u00f1a Militar de 1904<\/td><\/tr><tr><td>22JUN1904<\/td><td>Coronel<\/td><td>Genaro Caballero<\/td><td>Campa\u00f1a Militar de 1904<\/td><\/tr><tr><td>22JUN1904<\/td><td>Teniente 2\u00ba<\/td><td>Francisco Long<\/td><td>Campa\u00f1a Militar de 1904<\/td><\/tr><tr><td>22JUN1904<\/td><td>Teniente 2\u00ba<\/td><td>Luis Lavi\u00e9<\/td><td>Campa\u00f1a Militar de 1904<\/td><\/tr><tr><td>08JUN1897<\/td><td>Alf\u00e9rez<\/td><td>Jorge Smith<\/td><td>Campa\u00f1a Militar de 1897<\/td><\/tr><tr><td>17MAR1897<\/td><td>Capit\u00e1n<\/td><td>Eduardo Montautti<\/td><td>Campa\u00f1a Militar de 1897<\/td><\/tr><tr><td>17MAR1897<\/td><td>Capit\u00e1n<\/td><td>Alb\u00edn Pereira<\/td><td>Campa\u00f1a Militar de 1897<\/td><\/tr><tr><td>17MAR1897<\/td><td>Teniente 1\u00ba<\/td><td>Juan Irigoyen<\/td><td>Campa\u00f1a Militar de 1897<\/td><\/tr><tr><td>17MAR1897<\/td><td>Subteniente<\/td><td>Juan Gonz\u00e1lez<\/td><td>Campa\u00f1a Militar de 1897<\/td><\/tr><tr><td>17MAR1897<\/td><td>Sargento Mayor<\/td><td>F\u00e9lix Herrero<\/td><td>Campa\u00f1a Militar de 1897<\/td><\/tr><tr><td>28OCT1893<\/td><td>Teniente 1\u00ba<\/td><td>Silvestre Cardozo<\/td><td>Campa\u00f1as finales S.XIX<\/td><\/tr><tr><td>Mar1877<\/td><td>Cte.<\/td><td>Severo Bergara<\/td><td>Campa\u00f1as finales S.XIX<\/td><\/tr><tr><td>11DIC1874<\/td><td>Teniente Coronel<\/td><td>Romualdo Castillo<\/td><td>Campa\u00f1as finales S.XIX<\/td><\/tr><tr><td>&#8212;<\/td><td>&#8212;<\/td><td>737 efectivos orientales ca\u00eddos en esta guerra<\/td><td>Guerra Triple Alianza (1864 &#8211; 1870)<\/td><\/tr><tr><td>19MAR1869<\/td><td>Oficial<\/td><td>Nereo Ag\u00fcero<\/td><td>Guerra Triple Alianza (1864 &#8211; 1870)<\/td><\/tr><tr><td>18JUL1866<\/td><td>General<\/td><td>Le\u00f3n de Palleja<\/td><td>Guerra Triple Alianza (1864 &#8211; 1870)<\/td><\/tr><tr><td>07JUN1866<\/td><td>Cte.<\/td><td>Bautista Yance<\/td><td>Guerra Triple Alianza (1864 &#8211; 1870)<\/td><\/tr><tr><td>24MAY1866<\/td><td>Teniente Coronel<\/td><td>Marcelino Castro<\/td><td>Guerra Triple Alianza (1864 &#8211; 1870)<\/td><\/tr><tr><td>24MAY1866<\/td><td>Ayudante Mayor<\/td><td>Fortunato Castro<\/td><td>Guerra Triple Alianza (1864 &#8211; 1870)<\/td><\/tr><tr><td>24MAY1866<\/td><td>Ayudante Mayor<\/td><td>Santos Mart\u00ednez<\/td><td>Guerra Triple Alianza (1864 &#8211; 1870)<\/td><\/tr><tr><td>02ENE1865<\/td><td>Teniente Coronel<\/td><td>Juan Mar\u00eda Braga<\/td><td>Guerra Civil (1863-1865)<\/td><\/tr><tr><td>02ENE1865<\/td><td>Capit\u00e1n <\/td><td>Federico Frn\u00e1ndez<\/td><td>Guerra Civil (1863-1865)<\/td><\/tr><tr><td>01ENE1865<\/td><td>Coronel<\/td><td>Trist\u00e1n Azambuy\u00e1<\/td><td>Guerra Civil (1863-1865)<\/td><\/tr><tr><td>02ENE1864<\/td><td>General<\/td><td>Leandro G\u00f3mez<\/td><td>Guerra Civil (1863-1865)<\/td><\/tr><tr><td>30JUL1863<\/td><td>Coronel<\/td><td>Dionisio Coronel<\/td><td>Guerra Civil (1863-1865)<\/td><\/tr><tr><td>3FEB1852<\/td><td>&#8212;<\/td><td>200 efectivos orientales ca\u00eddos <\/td><td>Batalla de Monte Caseros <\/td><\/tr><tr><td>08FEB1844<\/td><td>Coronel<\/td><td>Marcelino Sosa<\/td><td>Guerra Grande (1839-1851)<\/td><\/tr><tr><td>1832<\/td><td>Cte.<\/td><td>Pedro Baz\u00e1n<\/td><td>Guerras de independencia<\/td><\/tr><tr><td>27ENE1828<\/td><td>Teniente 1\u00ba<\/td><td>Pantale\u00f3n Artigas<\/td><td>Guerras de independencia<\/td><\/tr><tr><td>17MAY1827<\/td><td>Coronel<\/td><td>Ventura Alegre<\/td><td>Guerras de independencia<\/td><\/tr><tr><td>MAY1815<\/td><td>Coronel<\/td><td>Blas Basualdo<\/td><td>Guerras de independencia<\/td><\/tr><tr><td>24MAY1811<\/td><td>Capit\u00e1n<\/td><td>Manuel Artigas<\/td><td>Guerras de independencia<\/td><\/tr><\/tbody><\/table><\/figure>\n<\/div><\/div>\n\n\n\n<div style=\"height:66px\" aria-hidden=\"true\" class=\"wp-block-spacer\"><\/div>\n\n\n\n<p>\u00a1Descansen en paz, Soldados!<\/p>\n\n\n\n<div style=\"height:100px\" aria-hidden=\"true\" class=\"wp-block-spacer\"><\/div>\n\n\n\n<p><\/p>\n","protected":false},"excerpt":{"rendered":"<p>Memoria a nuestros Soldados Honramos a aquellos que sacrificaron sus vidas por la Fuerza para asegurarnos de que sus valientes obras no sean olvidadas. Mantenemos en la memoria a los ilustres Soldados, de todas las jerarqu\u00edas y de todos los tiempos que privilegiaron el Servicio a la Patria por sobre su integridad f\u00edsica. Foto de <a href=\"https:\/\/www.ejercito.mil.uy\/index.php\/caidos-en-acto-de-servicio\/\" class=\"more-link\">&#8230;<span class=\"screen-reader-text\">  Ca\u00eddos en acto de servicio<\/span><\/a><\/p>\n","protected":false},"author":3,"featured_media":0,"parent":0,"menu_order":0,"comment_status":"closed","ping_status":"closed","template":"","meta":{"_coblocks_attr":"","_coblocks_dimensions":"","_coblocks_responsive_height":"","_coblocks_accordion_ie_support":"","_monsterinsights_skip_tracking":false,"_monsterinsights_sitenote_active":false,"_monsterinsights_sitenote_note":"","_monsterinsights_sitenote_category":0,"_uf_show_specific_survey":0,"_uf_disable_surveys":false,"footnotes":""},"class_list":["post-260","page","type-page","status-publish","hentry"],"aioseo_notices":[],"_links":{"self":[{"href":"https:\/\/www.ejercito.mil.uy\/index.php\/wp-json\/wp\/v2\/pages\/260","targetHints":{"allow":["GET"]}}],"collection":[{"href":"https:\/\/www.ejercito.mil.uy\/index.php\/wp-json\/wp\/v2\/pages"}],"about":[{"href":"https:\/\/www.ejercito.mil.uy\/index.php\/wp-json\/wp\/v2\/types\/page"}],"author":[{"embeddable":true,"href":"https:\/\/www.ejercito.mil.uy\/index.php\/wp-json\/wp\/v2\/users\/3"}],"replies":[{"embeddable":true,"href":"https:\/\/www.ejercito.mil.uy\/index.php\/wp-json\/wp\/v2\/comments?post=260"}],"version-history":[{"count":52,"href":"https:\/\/www.ejercito.mil.uy\/index.php\/wp-json\/wp\/v2\/pages\/260\/revisions"}],"predecessor-version":[{"id":56775,"href":"https:\/\/www.ejercito.mil.uy\/index.php\/wp-json\/wp\/v2\/pages\/260\/revisions\/56775"}],"wp:attachment":[{"href":"https:\/\/www.ejercito.mil.uy\/index.php\/wp-json\/wp\/v2\/media?parent=260"}],"curies":[{"name":"wp","href":"https:\/\/api.w.org\/{rel}","templated":true}]}}