{"id":69,"date":"2021-07-25T21:00:00","date_gmt":"2021-07-26T00:00:00","guid":{"rendered":"http:\/\/10.1.99.112\/?page_id=69"},"modified":"2026-02-25T10:49:23","modified_gmt":"2026-02-25T13:49:23","slug":"portada","status":"publish","type":"page","link":"https:\/\/www.ejercito.mil.uy\/","title":{"rendered":"Portada"},"content":{"rendered":"\n<header class=\"wp-block-cover aligncenter is-light has-large-font-size mb-0 mt-0\" style=\"min-height:70vh;aspect-ratio:unset;\"><video class=\"wp-block-cover__video-background intrinsic-ignore\" autoplay muted loop playsinline src=\"https:\/\/www.ejercito.mil.uy\/wp-content\/uploads\/2025\/05\/Aniversario_2025.mp4\" style=\"object-position:50% 45%\" data-object-fit=\"cover\" data-object-position=\"50% 45%\"><\/video><span aria-hidden=\"true\" class=\"wp-block-cover__background has-background-dim\" style=\"background-color:#FFF\"><\/span><div class=\"wp-block-cover__inner-container is-layout-flow wp-block-cover-is-layout-flow\">\n<p class=\"has-text-align-center has-large-font-size\"><\/p>\n<\/div><\/header>\n\n\n\n<div style=\"height:11px\" aria-hidden=\"true\" class=\"wp-block-spacer\"><\/div>\n\n\n<div class=\"wp-block-image imagen-front-page\">\n<figure class=\"aligncenter size-full\"><img fetchpriority=\"high\" decoding=\"async\" width=\"2048\" height=\"100\" src=\"https:\/\/www.ejercito.mil.uy\/wp-content\/uploads\/2021\/06\/pixelado_100-1.jpg\" alt=\"\" class=\"wp-image-3443\" srcset=\"https:\/\/www.ejercito.mil.uy\/wp-content\/uploads\/2021\/06\/pixelado_100-1.jpg 2048w, https:\/\/www.ejercito.mil.uy\/wp-content\/uploads\/2021\/06\/pixelado_100-1-300x15.jpg 300w, https:\/\/www.ejercito.mil.uy\/wp-content\/uploads\/2021\/06\/pixelado_100-1-1024x50.jpg 1024w\" sizes=\"(max-width: 2048px) 100vw, 2048px\" \/><\/figure>\n<\/div>\n\n\n<h2 class=\"wp-block-heading has-text-align-center\"><a href=\"https:\/\/www.ejercito.mil.uy\/index.php\/category\/noticias\/\">Noticias <\/a><\/h2>\n\n\n\n<div class=\"wp-block-group\"><div class=\"wp-block-group__inner-container is-layout-flow wp-block-group-is-layout-flow\"><ul class=\"wp-block-latest-posts__list is-grid columns-3 has-link-color aligncenter wp-elements-42059c4a61ef7b279c23a822996f8fd8 wp-block-latest-posts\"><li><div class=\"wp-block-latest-posts__featured-image aligncenter\"><a href=\"https:\/\/www.ejercito.mil.uy\/index.php\/2026\/04\/27\/la-umic-refuerza-su-labor-operativa-humanitaria-y-de-seguridad-en-siria\/\" aria-label=\"La UMIC refuerza su labor operativa, humanitaria y de seguridad en Siria\"><img decoding=\"async\" width=\"300\" height=\"200\" src=\"https:\/\/www.ejercito.mil.uy\/wp-content\/uploads\/2026\/04\/Inspeccion-por-el-equipo-de-Training-del-HQ-de-la-mision-4-300x200.jpg\" class=\"attachment-medium size-medium wp-post-image\" alt=\"\" style=\"max-width:300px;max-height:300px;\" srcset=\"https:\/\/www.ejercito.mil.uy\/wp-content\/uploads\/2026\/04\/Inspeccion-por-el-equipo-de-Training-del-HQ-de-la-mision-4-300x200.jpg 300w, https:\/\/www.ejercito.mil.uy\/wp-content\/uploads\/2026\/04\/Inspeccion-por-el-equipo-de-Training-del-HQ-de-la-mision-4-1024x683.jpg 1024w, https:\/\/www.ejercito.mil.uy\/wp-content\/uploads\/2026\/04\/Inspeccion-por-el-equipo-de-Training-del-HQ-de-la-mision-4.jpg 1200w\" sizes=\"(max-width: 300px) 100vw, 300px\" \/><\/a><\/div><a class=\"wp-block-latest-posts__post-title\" href=\"https:\/\/www.ejercito.mil.uy\/index.php\/2026\/04\/27\/la-umic-refuerza-su-labor-operativa-humanitaria-y-de-seguridad-en-siria\/\">La UMIC refuerza su labor operativa, humanitaria y de seguridad en Siria<\/a><div class=\"wp-block-latest-posts__post-excerpt\">27.04.2026 &#8211; Compartimos un resumen de las diversas actividades operacionales, log\u00edsticas y de cooperaci\u00f3n civil-militar, desarrolladas por la Compa\u00f1\u00eda Uruguaya de Infanter\u00eda Mecanizada bajo el mandato de la Misi\u00f3n UNDOF.<\/div><\/li>\n<li><div class=\"wp-block-latest-posts__featured-image aligncenter\"><a href=\"https:\/\/www.ejercito.mil.uy\/index.php\/2026\/04\/25\/dia-del-arma-de-comunicaciones-2026\/\" aria-label=\"D\u00eda del Arma de Comunicaciones 2026\"><img decoding=\"async\" width=\"300\" height=\"200\" src=\"https:\/\/www.ejercito.mil.uy\/wp-content\/uploads\/2026\/04\/Portada-WEB-Dia-del-Arma-de-Comunicaciones.jpg-300x200.jpeg\" class=\"attachment-medium size-medium wp-post-image\" alt=\"\" style=\"max-width:300px;max-height:300px;\" srcset=\"https:\/\/www.ejercito.mil.uy\/wp-content\/uploads\/2026\/04\/Portada-WEB-Dia-del-Arma-de-Comunicaciones.jpg-300x200.jpeg 300w, https:\/\/www.ejercito.mil.uy\/wp-content\/uploads\/2026\/04\/Portada-WEB-Dia-del-Arma-de-Comunicaciones.jpg-1024x683.jpeg 1024w, https:\/\/www.ejercito.mil.uy\/wp-content\/uploads\/2026\/04\/Portada-WEB-Dia-del-Arma-de-Comunicaciones.jpg.jpeg 1200w\" sizes=\"(max-width: 300px) 100vw, 300px\" \/><\/a><\/div><a class=\"wp-block-latest-posts__post-title\" href=\"https:\/\/www.ejercito.mil.uy\/index.php\/2026\/04\/25\/dia-del-arma-de-comunicaciones-2026\/\">D\u00eda del Arma de Comunicaciones 2026<\/a><div class=\"wp-block-latest-posts__post-excerpt\">25.04.2026 &#8211; \u00a1Celebramos el 46\u00b0 aniversario del Arma de Comunicaciones!<\/div><\/li>\n<li><div class=\"wp-block-latest-posts__featured-image aligncenter\"><a href=\"https:\/\/www.ejercito.mil.uy\/index.php\/2026\/04\/24\/informativo-del-ejercito-del-uruguay-08-3\/\" aria-label=\"Informativo del Ej\u00e9rcito del Uruguay #08\"><img loading=\"lazy\" decoding=\"async\" width=\"300\" height=\"200\" src=\"https:\/\/www.ejercito.mil.uy\/wp-content\/uploads\/2026\/04\/MINIATURA-Web.jpg-300x200.jpeg\" class=\"attachment-medium size-medium wp-post-image\" alt=\"\" style=\"max-width:300px;max-height:300px;\" srcset=\"https:\/\/www.ejercito.mil.uy\/wp-content\/uploads\/2026\/04\/MINIATURA-Web.jpg-300x200.jpeg 300w, https:\/\/www.ejercito.mil.uy\/wp-content\/uploads\/2026\/04\/MINIATURA-Web.jpg-1024x683.jpeg 1024w, https:\/\/www.ejercito.mil.uy\/wp-content\/uploads\/2026\/04\/MINIATURA-Web.jpg.jpeg 1200w\" sizes=\"(max-width: 300px) 100vw, 300px\" \/><\/a><\/div><a class=\"wp-block-latest-posts__post-title\" href=\"https:\/\/www.ejercito.mil.uy\/index.php\/2026\/04\/24\/informativo-del-ejercito-del-uruguay-08-3\/\">Informativo del Ej\u00e9rcito del Uruguay #08<\/a><div class=\"wp-block-latest-posts__post-excerpt\">24.04.2026 &#8211; \u00a1Compartimos una nueva edici\u00f3n del informativo del Ej\u00e9rcito del Uruguay!<\/div><\/li>\n<li><div class=\"wp-block-latest-posts__featured-image aligncenter\"><a href=\"https:\/\/www.ejercito.mil.uy\/index.php\/2026\/04\/24\/curso-de-operacion-y-mantenimiento-de-tbp-condor\/\" aria-label=\"Curso de Operaci\u00f3n y Mantenimiento de TBP \u00abC\u00f3ndor\u00bb\"><img loading=\"lazy\" decoding=\"async\" width=\"300\" height=\"200\" src=\"https:\/\/www.ejercito.mil.uy\/wp-content\/uploads\/2026\/04\/4-3-300x200.jpg\" class=\"attachment-medium size-medium wp-post-image\" alt=\"\" style=\"max-width:300px;max-height:300px;\" srcset=\"https:\/\/www.ejercito.mil.uy\/wp-content\/uploads\/2026\/04\/4-3-300x200.jpg 300w, https:\/\/www.ejercito.mil.uy\/wp-content\/uploads\/2026\/04\/4-3-1024x683.jpg 1024w, https:\/\/www.ejercito.mil.uy\/wp-content\/uploads\/2026\/04\/4-3.jpg 1200w\" sizes=\"(max-width: 300px) 100vw, 300px\" \/><\/a><\/div><a class=\"wp-block-latest-posts__post-title\" href=\"https:\/\/www.ejercito.mil.uy\/index.php\/2026\/04\/24\/curso-de-operacion-y-mantenimiento-de-tbp-condor\/\">Curso de Operaci\u00f3n y Mantenimiento de TBP \u00abC\u00f3ndor\u00bb<\/a><div class=\"wp-block-latest-posts__post-excerpt\">24.04.2026 &#8211; Los efectivos recibieron instrucci\u00f3n en mantenimiento de los sistemas principales del veh\u00edculo, conducci\u00f3n diurna y nocturna, recuperaci\u00f3n de veh\u00edculos, as\u00ed como en sus posibilidades y limitaciones en operaciones.<\/div><\/li>\n<li><div class=\"wp-block-latest-posts__featured-image aligncenter\"><a href=\"https:\/\/www.ejercito.mil.uy\/index.php\/2026\/04\/24\/ciclo-de-seminarios-experiencias-en-mop\/\" aria-label=\"Ciclo de Seminarios \u00abExperiencias en MOP\u00bb\"><img loading=\"lazy\" decoding=\"async\" width=\"300\" height=\"200\" src=\"https:\/\/www.ejercito.mil.uy\/wp-content\/uploads\/2026\/04\/AFICHE-HORIZONTAL--300x200.jpg\" class=\"attachment-medium size-medium wp-post-image\" alt=\"\" style=\"max-width:300px;max-height:300px;\" srcset=\"https:\/\/www.ejercito.mil.uy\/wp-content\/uploads\/2026\/04\/AFICHE-HORIZONTAL--300x200.jpg 300w, https:\/\/www.ejercito.mil.uy\/wp-content\/uploads\/2026\/04\/AFICHE-HORIZONTAL--1024x683.jpg 1024w, https:\/\/www.ejercito.mil.uy\/wp-content\/uploads\/2026\/04\/AFICHE-HORIZONTAL-.jpg 1536w\" sizes=\"(max-width: 300px) 100vw, 300px\" \/><\/a><\/div><a class=\"wp-block-latest-posts__post-title\" href=\"https:\/\/www.ejercito.mil.uy\/index.php\/2026\/04\/24\/ciclo-de-seminarios-experiencias-en-mop\/\">Ciclo de Seminarios \u00abExperiencias en MOP\u00bb<\/a><div class=\"wp-block-latest-posts__post-excerpt\">24.04.2026 &#8211; En esta oportunidad, la exposici\u00f3n abord\u00f3 los hechos ocurridos durante un conflicto armado en la Rep\u00fablica Democr\u00e1tica del Congo en el a\u00f1o 2007.<\/div><\/li>\n<li><div class=\"wp-block-latest-posts__featured-image aligncenter\"><a href=\"https:\/\/www.ejercito.mil.uy\/index.php\/2026\/04\/24\/46o-aniversario-del-arma-de-comunicaciones\/\" aria-label=\"46\u00ba aniversario del Arma de Comunicaciones\"><img loading=\"lazy\" decoding=\"async\" width=\"300\" height=\"200\" src=\"https:\/\/www.ejercito.mil.uy\/wp-content\/uploads\/2026\/04\/1-4-300x200.jpg\" class=\"attachment-medium size-medium wp-post-image\" alt=\"\" style=\"max-width:300px;max-height:300px;\" srcset=\"https:\/\/www.ejercito.mil.uy\/wp-content\/uploads\/2026\/04\/1-4-300x200.jpg 300w, https:\/\/www.ejercito.mil.uy\/wp-content\/uploads\/2026\/04\/1-4-1024x683.jpg 1024w, https:\/\/www.ejercito.mil.uy\/wp-content\/uploads\/2026\/04\/1-4.jpg 1200w\" sizes=\"(max-width: 300px) 100vw, 300px\" \/><\/a><\/div><a class=\"wp-block-latest-posts__post-title\" href=\"https:\/\/www.ejercito.mil.uy\/index.php\/2026\/04\/24\/46o-aniversario-del-arma-de-comunicaciones\/\">46\u00ba aniversario del Arma de Comunicaciones<\/a><div class=\"wp-block-latest-posts__post-excerpt\">24.04.2026 &#8211; Con la presencia del Cte. en Jefe del Ej\u00e9rcito, se realiz\u00f3 el 46\u00b0 aniversario del Arma en el Batall\u00f3n de Comunicaciones N\u00b02.<\/div><\/li>\n<li><div class=\"wp-block-latest-posts__featured-image aligncenter\"><a href=\"https:\/\/www.ejercito.mil.uy\/index.php\/2026\/04\/24\/aniversario-de-la-brigada-de-infanteria-n3-2\/\" aria-label=\"Aniversario de la Brigada de Infanter\u00eda N\u00b03\"><img loading=\"lazy\" decoding=\"async\" width=\"300\" height=\"200\" src=\"https:\/\/www.ejercito.mil.uy\/wp-content\/uploads\/2026\/04\/Aniversario-de-la-B.-de-Infanteria-1-7-300x200.png\" class=\"attachment-medium size-medium wp-post-image\" alt=\"\" style=\"max-width:300px;max-height:300px;\" srcset=\"https:\/\/www.ejercito.mil.uy\/wp-content\/uploads\/2026\/04\/Aniversario-de-la-B.-de-Infanteria-1-7-300x200.png 300w, https:\/\/www.ejercito.mil.uy\/wp-content\/uploads\/2026\/04\/Aniversario-de-la-B.-de-Infanteria-1-7-1024x683.png 1024w, https:\/\/www.ejercito.mil.uy\/wp-content\/uploads\/2026\/04\/Aniversario-de-la-B.-de-Infanteria-1-7.png 1200w\" sizes=\"(max-width: 300px) 100vw, 300px\" \/><\/a><\/div><a class=\"wp-block-latest-posts__post-title\" href=\"https:\/\/www.ejercito.mil.uy\/index.php\/2026\/04\/24\/aniversario-de-la-brigada-de-infanteria-n3-2\/\">Aniversario de la Brigada de Infanter\u00eda N\u00b03<\/a><div class=\"wp-block-latest-posts__post-excerpt\">24.04.2026 &#8211; Con la presencia del Cte. de la Divisi\u00f3n de Ej\u00e9rcito III, se conmemor\u00f3 los 87 a\u00f1os de creaci\u00f3n de esta Gran Unidad. <\/div><\/li>\n<li><div class=\"wp-block-latest-posts__featured-image aligncenter\"><a href=\"https:\/\/www.ejercito.mil.uy\/index.php\/2026\/04\/21\/visita-de-los-agregados-militares-al-batallon-de-infanteria-4\/\" aria-label=\"Visita de los Agregados Militares al Batall\u00f3n de Infanter\u00eda N\u00ba 4\"><img loading=\"lazy\" decoding=\"async\" width=\"300\" height=\"200\" src=\"https:\/\/www.ejercito.mil.uy\/wp-content\/uploads\/2026\/04\/8-2-300x200.jpg\" class=\"attachment-medium size-medium wp-post-image\" alt=\"\" style=\"max-width:300px;max-height:300px;\" srcset=\"https:\/\/www.ejercito.mil.uy\/wp-content\/uploads\/2026\/04\/8-2-300x200.jpg 300w, https:\/\/www.ejercito.mil.uy\/wp-content\/uploads\/2026\/04\/8-2-1024x683.jpg 1024w, https:\/\/www.ejercito.mil.uy\/wp-content\/uploads\/2026\/04\/8-2.jpg 1200w\" sizes=\"(max-width: 300px) 100vw, 300px\" \/><\/a><\/div><a class=\"wp-block-latest-posts__post-title\" href=\"https:\/\/www.ejercito.mil.uy\/index.php\/2026\/04\/21\/visita-de-los-agregados-militares-al-batallon-de-infanteria-4\/\">Visita de los Agregados Militares al Batall\u00f3n de Infanter\u00eda N\u00ba 4<\/a><div class=\"wp-block-latest-posts__post-excerpt\">21.04.2026 &#8211; Agregados Militares visitaron el  Batall\u00f3n \u00abOriental\u00bb de Infanter\u00eda N\u00b04.<\/div><\/li>\n<li><div class=\"wp-block-latest-posts__featured-image aligncenter\"><a href=\"https:\/\/www.ejercito.mil.uy\/index.php\/2026\/04\/19\/comunicado-2\/\" aria-label=\"Comunicado\"><img loading=\"lazy\" decoding=\"async\" width=\"300\" height=\"200\" src=\"https:\/\/www.ejercito.mil.uy\/wp-content\/uploads\/2026\/04\/Comunicado_EN-300x200.jpg\" class=\"attachment-medium size-medium wp-post-image\" alt=\"\" style=\"max-width:300px;max-height:300px;\" srcset=\"https:\/\/www.ejercito.mil.uy\/wp-content\/uploads\/2026\/04\/Comunicado_EN-300x200.jpg 300w, https:\/\/www.ejercito.mil.uy\/wp-content\/uploads\/2026\/04\/Comunicado_EN-1024x683.jpg 1024w\" sizes=\"(max-width: 300px) 100vw, 300px\" \/><\/a><\/div><a class=\"wp-block-latest-posts__post-title\" href=\"https:\/\/www.ejercito.mil.uy\/index.php\/2026\/04\/19\/comunicado-2\/\">Comunicado<\/a><div class=\"wp-block-latest-posts__post-excerpt\">Comunicado referente a trascendidos de prensa<\/div><\/li>\n<\/ul><\/div><\/div>\n\n\n<div class=\"wp-block-image imagen-front-page\">\n<figure class=\"aligncenter size-full\"><img fetchpriority=\"high\" decoding=\"async\" width=\"2048\" height=\"100\" src=\"https:\/\/www.ejercito.mil.uy\/wp-content\/uploads\/2021\/06\/pixelado_100-1.jpg\" alt=\"\" class=\"wp-image-3443\" srcset=\"https:\/\/www.ejercito.mil.uy\/wp-content\/uploads\/2021\/06\/pixelado_100-1.jpg 2048w, https:\/\/www.ejercito.mil.uy\/wp-content\/uploads\/2021\/06\/pixelado_100-1-300x15.jpg 300w, https:\/\/www.ejercito.mil.uy\/wp-content\/uploads\/2021\/06\/pixelado_100-1-1024x50.jpg 1024w\" sizes=\"(max-width: 2048px) 100vw, 2048px\" \/><\/figure>\n<\/div>\n\n\n<div style=\"height:11px\" aria-hidden=\"true\" class=\"wp-block-spacer\"><\/div>\n\n\n\n<div class=\"wp-block-columns is-layout-flex wp-container-core-columns-is-layout-28f84493 wp-block-columns-is-layout-flex\">\n<div class=\"wp-block-column is-layout-flow wp-block-column-is-layout-flow\" style=\"flex-basis:100%\">\n<figure class=\"wp-block-gallery has-nested-images columns-default is-cropped wp-block-gallery-1 is-layout-flex wp-block-gallery-is-layout-flex\">\n<figure class=\"wp-block-image size-full has-lightbox\"><a href=\"https:\/\/www.ejercito.mil.uy\/index.php\/2025\/12\/31\/revista-la-fuerza-de-todos-no-49\/\"><img loading=\"lazy\" decoding=\"async\" width=\"2048\" height=\"800\" data-id=\"54721\" src=\"https:\/\/www.ejercito.mil.uy\/wp-content\/uploads\/2026\/02\/BANNER-WEB-Revista-No-49.jpg\" alt=\"\" class=\"wp-image-54721\" srcset=\"https:\/\/www.ejercito.mil.uy\/wp-content\/uploads\/2026\/02\/BANNER-WEB-Revista-No-49.jpg 2048w, https:\/\/www.ejercito.mil.uy\/wp-content\/uploads\/2026\/02\/BANNER-WEB-Revista-No-49-300x117.jpg 300w, https:\/\/www.ejercito.mil.uy\/wp-content\/uploads\/2026\/02\/BANNER-WEB-Revista-No-49-1024x400.jpg 1024w\" sizes=\"(max-width: 2048px) 100vw, 2048px\" \/><\/a><\/figure>\n<\/figure>\n<\/div>\n<\/div>\n\n\n\n<div style=\"height:11px\" aria-hidden=\"true\" class=\"wp-block-spacer\"><\/div>\n\n\n<div class=\"wp-block-image imagen-front-page\">\n<figure class=\"aligncenter size-full\"><img fetchpriority=\"high\" decoding=\"async\" width=\"2048\" height=\"100\" src=\"https:\/\/www.ejercito.mil.uy\/wp-content\/uploads\/2021\/06\/pixelado_100-1.jpg\" alt=\"\" class=\"wp-image-3443\" srcset=\"https:\/\/www.ejercito.mil.uy\/wp-content\/uploads\/2021\/06\/pixelado_100-1.jpg 2048w, https:\/\/www.ejercito.mil.uy\/wp-content\/uploads\/2021\/06\/pixelado_100-1-300x15.jpg 300w, https:\/\/www.ejercito.mil.uy\/wp-content\/uploads\/2021\/06\/pixelado_100-1-1024x50.jpg 1024w\" sizes=\"(max-width: 2048px) 100vw, 2048px\" \/><\/figure>\n<\/div>\n\n\n<div style=\"height:11px\" aria-hidden=\"true\" class=\"wp-block-spacer\"><\/div>\n\n\n\n<div class=\"wp-block-columns is-layout-flex wp-container-core-columns-is-layout-28f84493 wp-block-columns-is-layout-flex\">\n<div class=\"wp-block-column is-layout-flow wp-block-column-is-layout-flow\">\n<figure class=\"wp-block-gallery has-nested-images columns-default is-cropped wp-block-gallery-2 is-layout-flex wp-block-gallery-is-layout-flex\">\n<figure class=\"wp-block-image size-full has-lightbox\"><a href=\"https:\/\/www.ejercito.mil.uy\/index.php\/2026\/01\/09\/infografia-2025\/\"><img loading=\"lazy\" decoding=\"async\" width=\"2048\" height=\"500\" data-id=\"54726\" src=\"https:\/\/www.ejercito.mil.uy\/wp-content\/uploads\/2026\/02\/Banner-Infografia-2025-1.jpg\" alt=\"\" class=\"wp-image-54726\" srcset=\"https:\/\/www.ejercito.mil.uy\/wp-content\/uploads\/2026\/02\/Banner-Infografia-2025-1.jpg 2048w, https:\/\/www.ejercito.mil.uy\/wp-content\/uploads\/2026\/02\/Banner-Infografia-2025-1-300x73.jpg 300w, https:\/\/www.ejercito.mil.uy\/wp-content\/uploads\/2026\/02\/Banner-Infografia-2025-1-1024x250.jpg 1024w\" sizes=\"(max-width: 2048px) 100vw, 2048px\" \/><\/a><\/figure>\n<\/figure>\n<\/div>\n<\/div>\n\n\n\n<div style=\"height:11px\" aria-hidden=\"true\" class=\"wp-block-spacer\"><\/div>\n\n\n<div class=\"wp-block-image imagen-front-page\">\n<figure class=\"aligncenter size-full\"><img fetchpriority=\"high\" decoding=\"async\" width=\"2048\" height=\"100\" src=\"https:\/\/www.ejercito.mil.uy\/wp-content\/uploads\/2021\/06\/pixelado_100-1.jpg\" alt=\"\" class=\"wp-image-3443\" srcset=\"https:\/\/www.ejercito.mil.uy\/wp-content\/uploads\/2021\/06\/pixelado_100-1.jpg 2048w, https:\/\/www.ejercito.mil.uy\/wp-content\/uploads\/2021\/06\/pixelado_100-1-300x15.jpg 300w, https:\/\/www.ejercito.mil.uy\/wp-content\/uploads\/2021\/06\/pixelado_100-1-1024x50.jpg 1024w\" sizes=\"(max-width: 2048px) 100vw, 2048px\" \/><\/figure>\n<\/div>\n\n\n<div class=\"wp-block-group\"><div class=\"wp-block-group__inner-container is-layout-constrained wp-block-group-is-layout-constrained\">\n<div class=\"wp-block-columns is-layout-flex wp-container-core-columns-is-layout-28f84493 wp-block-columns-is-layout-flex\">\n<div class=\"wp-block-column is-layout-flow wp-block-column-is-layout-flow\">\n<figure class=\"wp-block-image size-full has-lightbox\"><a href=\"https:\/\/www.ejercito.mil.uy\/index.php\/2022\/02\/05\/afiche-informativo-sobre-como-proceder-ante-el-hallazgo-de-municion\/\"><img loading=\"lazy\" decoding=\"async\" width=\"1024\" height=\"397\" src=\"https:\/\/www.ejercito.mil.uy\/wp-content\/uploads\/2024\/10\/BANNER_MUNICION_a-3.jpg\" alt=\"\" class=\"wp-image-35755\" srcset=\"https:\/\/www.ejercito.mil.uy\/wp-content\/uploads\/2024\/10\/BANNER_MUNICION_a-3.jpg 1024w, https:\/\/www.ejercito.mil.uy\/wp-content\/uploads\/2024\/10\/BANNER_MUNICION_a-3-300x116.jpg 300w\" sizes=\"(max-width: 1024px) 100vw, 1024px\" \/><\/a><\/figure>\n<\/div>\n\n\n\n<div class=\"wp-block-column is-layout-flow wp-block-column-is-layout-flow\">\n<figure class=\"wp-block-image size-full has-lightbox\"><a href=\"https:\/\/www.ejercito.mil.uy\/index.php\/2022\/02\/05\/afiche-informativo-sobre-como-proceder-ante-el-hallazgo-de-municion\/\"><img loading=\"lazy\" decoding=\"async\" width=\"1024\" height=\"397\" src=\"https:\/\/www.ejercito.mil.uy\/wp-content\/uploads\/2024\/10\/BANNER_MUNICION_b-1.jpg\" alt=\"\" class=\"wp-image-35732\" srcset=\"https:\/\/www.ejercito.mil.uy\/wp-content\/uploads\/2024\/10\/BANNER_MUNICION_b-1.jpg 1024w, https:\/\/www.ejercito.mil.uy\/wp-content\/uploads\/2024\/10\/BANNER_MUNICION_b-1-300x116.jpg 300w\" sizes=\"(max-width: 1024px) 100vw, 1024px\" \/><\/a><\/figure>\n<\/div>\n<\/div>\n<\/div><\/div>\n\n\n<div class=\"wp-block-image imagen-front-page\">\n<figure class=\"aligncenter size-full\"><img fetchpriority=\"high\" decoding=\"async\" width=\"2048\" height=\"100\" src=\"https:\/\/www.ejercito.mil.uy\/wp-content\/uploads\/2021\/06\/pixelado_100-1.jpg\" alt=\"\" class=\"wp-image-3443\" srcset=\"https:\/\/www.ejercito.mil.uy\/wp-content\/uploads\/2021\/06\/pixelado_100-1.jpg 2048w, https:\/\/www.ejercito.mil.uy\/wp-content\/uploads\/2021\/06\/pixelado_100-1-300x15.jpg 300w, https:\/\/www.ejercito.mil.uy\/wp-content\/uploads\/2021\/06\/pixelado_100-1-1024x50.jpg 1024w\" sizes=\"(max-width: 2048px) 100vw, 2048px\" \/><\/figure>\n<\/div>\n\n\n<div style=\"width: 100%;\"><div style=\"position: relative; padding-bottom: 42.52%; padding-top: 0; height: 0;\"><iframe frameborder=\"0\" width=\"1197\" height=\"509\" style=\"position: absolute; top: 0; left: 0; width: 100%; height: 100%;\" src=\"https:\/\/view.genial.ly\/63346f6c2232440011bd5bb5\" type=\"text\/html\" allowscriptaccess=\"always\" allowfullscreen=\"true\" scrolling=\"yes\" allownetworking=\"all\"><\/iframe> <\/div> <\/div>\n\n\n<div class=\"wp-block-image imagen-front-page\">\n<figure class=\"aligncenter size-full mt-0\"><img fetchpriority=\"high\" decoding=\"async\" width=\"2048\" height=\"100\" src=\"https:\/\/www.ejercito.mil.uy\/wp-content\/uploads\/2021\/06\/pixelado_100-1.jpg\" alt=\"\" class=\"wp-image-3443\" srcset=\"https:\/\/www.ejercito.mil.uy\/wp-content\/uploads\/2021\/06\/pixelado_100-1.jpg 2048w, https:\/\/www.ejercito.mil.uy\/wp-content\/uploads\/2021\/06\/pixelado_100-1-300x15.jpg 300w, https:\/\/www.ejercito.mil.uy\/wp-content\/uploads\/2021\/06\/pixelado_100-1-1024x50.jpg 1024w\" sizes=\"(max-width: 2048px) 100vw, 2048px\" \/><\/figure>\n<\/div>\n\n\n<div style=\"height:11px\" aria-hidden=\"true\" class=\"wp-block-spacer\"><\/div>\n\n\n\n<div class=\"wp-block-columns gap-0 is-layout-flex wp-container-core-columns-is-layout-28f84493 wp-block-columns-is-layout-flex\">\n<div class=\"wp-block-column is-layout-flow wp-block-column-is-layout-flow\">\n<figure class=\"wp-block-image size-full has-lightbox\"><a href=\"https:\/\/www.ejercito.mil.uy\/index.php\/category\/destacados\/cimarron\/\"><img loading=\"lazy\" decoding=\"async\" width=\"707\" height=\"429\" src=\"https:\/\/www.ejercito.mil.uy\/wp-content\/uploads\/2024\/10\/BANNER_Cimarron_01.jpg\" alt=\"\" class=\"wp-image-35736\" srcset=\"https:\/\/www.ejercito.mil.uy\/wp-content\/uploads\/2024\/10\/BANNER_Cimarron_01.jpg 707w, https:\/\/www.ejercito.mil.uy\/wp-content\/uploads\/2024\/10\/BANNER_Cimarron_01-300x182.jpg 300w\" sizes=\"(max-width: 707px) 100vw, 707px\" \/><\/a><\/figure>\n<\/div>\n\n\n\n<div class=\"wp-block-column is-layout-flow wp-block-column-is-layout-flow\">\n<figure class=\"wp-block-image size-full has-lightbox\"><a href=\"https:\/\/www.ejercito.mil.uy\/index.php\/category\/destacados\/cimarron\/\"><img loading=\"lazy\" decoding=\"async\" width=\"634\" height=\"429\" src=\"https:\/\/www.ejercito.mil.uy\/wp-content\/uploads\/2024\/10\/BANNER_Cimarron_02.jpg\" alt=\"\" class=\"wp-image-35737\" srcset=\"https:\/\/www.ejercito.mil.uy\/wp-content\/uploads\/2024\/10\/BANNER_Cimarron_02.jpg 634w, https:\/\/www.ejercito.mil.uy\/wp-content\/uploads\/2024\/10\/BANNER_Cimarron_02-300x203.jpg 300w\" sizes=\"(max-width: 634px) 100vw, 634px\" \/><\/a><\/figure>\n<\/div>\n\n\n\n<div class=\"wp-block-column is-layout-flow wp-block-column-is-layout-flow\">\n<figure class=\"wp-block-image size-full has-lightbox\"><a href=\"https:\/\/www.ejercito.mil.uy\/index.php\/category\/destacados\/cimarron\/\"><img loading=\"lazy\" decoding=\"async\" width=\"707\" height=\"429\" src=\"https:\/\/www.ejercito.mil.uy\/wp-content\/uploads\/2024\/10\/BANNER_Cimarron_03.jpg\" alt=\"\" class=\"wp-image-35738\" srcset=\"https:\/\/www.ejercito.mil.uy\/wp-content\/uploads\/2024\/10\/BANNER_Cimarron_03.jpg 707w, https:\/\/www.ejercito.mil.uy\/wp-content\/uploads\/2024\/10\/BANNER_Cimarron_03-300x182.jpg 300w\" sizes=\"(max-width: 707px) 100vw, 707px\" \/><\/a><\/figure>\n<\/div>\n<\/div>\n\n\n\n<div style=\"height:11px\" aria-hidden=\"true\" class=\"wp-block-spacer\"><\/div>\n\n\n<div class=\"wp-block-image imagen-front-page\">\n<figure class=\"aligncenter size-full mt-0\"><img fetchpriority=\"high\" decoding=\"async\" width=\"2048\" height=\"100\" src=\"https:\/\/www.ejercito.mil.uy\/wp-content\/uploads\/2021\/06\/pixelado_100-1.jpg\" alt=\"\" class=\"wp-image-3443\" srcset=\"https:\/\/www.ejercito.mil.uy\/wp-content\/uploads\/2021\/06\/pixelado_100-1.jpg 2048w, https:\/\/www.ejercito.mil.uy\/wp-content\/uploads\/2021\/06\/pixelado_100-1-300x15.jpg 300w, https:\/\/www.ejercito.mil.uy\/wp-content\/uploads\/2021\/06\/pixelado_100-1-1024x50.jpg 1024w\" sizes=\"(max-width: 2048px) 100vw, 2048px\" \/><\/figure>\n<\/div>\n\n\n<div style=\"height:11px\" aria-hidden=\"true\" class=\"wp-block-spacer\"><\/div>\n\n\n\n<div class=\"wp-block-columns gap-0 is-layout-flex wp-container-core-columns-is-layout-28f84493 wp-block-columns-is-layout-flex\">\n<div class=\"wp-block-column is-layout-flow wp-block-column-is-layout-flow\">\n<figure class=\"wp-block-image size-full has-lightbox\"><a href=\"https:\/\/www.ejercito.mil.uy\/index.php\/2021\/06\/22\/ciberseguridad-campana-la-seguridad-de-todos\/\"><img loading=\"lazy\" decoding=\"async\" width=\"960\" height=\"372\" src=\"https:\/\/www.ejercito.mil.uy\/wp-content\/uploads\/2024\/10\/BANNER-CIBERDEFENSA-a.jpg\" alt=\"\" class=\"wp-image-35741\" srcset=\"https:\/\/www.ejercito.mil.uy\/wp-content\/uploads\/2024\/10\/BANNER-CIBERDEFENSA-a.jpg 960w, https:\/\/www.ejercito.mil.uy\/wp-content\/uploads\/2024\/10\/BANNER-CIBERDEFENSA-a-300x116.jpg 300w\" sizes=\"(max-width: 960px) 100vw, 960px\" \/><\/a><\/figure>\n<\/div>\n\n\n\n<div class=\"wp-block-column is-layout-flow wp-block-column-is-layout-flow\">\n<figure class=\"wp-block-image size-full has-lightbox\"><a href=\"https:\/\/www.ejercito.mil.uy\/index.php\/2021\/06\/22\/ciberseguridad-campana-la-seguridad-de-todos\/\"><img loading=\"lazy\" decoding=\"async\" width=\"960\" height=\"372\" src=\"https:\/\/www.ejercito.mil.uy\/wp-content\/uploads\/2024\/10\/BANNER-CIBERDEFENSA-b.jpg\" alt=\"\" class=\"wp-image-35742\" srcset=\"https:\/\/www.ejercito.mil.uy\/wp-content\/uploads\/2024\/10\/BANNER-CIBERDEFENSA-b.jpg 960w, https:\/\/www.ejercito.mil.uy\/wp-content\/uploads\/2024\/10\/BANNER-CIBERDEFENSA-b-300x116.jpg 300w\" sizes=\"(max-width: 960px) 100vw, 960px\" \/><\/a><\/figure>\n<\/div>\n<\/div>\n\n\n\n<div style=\"height:11px\" aria-hidden=\"true\" class=\"wp-block-spacer\"><\/div>\n\n\n<div class=\"wp-block-image imagen-front-page\">\n<figure class=\"aligncenter size-full mt-0\"><img fetchpriority=\"high\" decoding=\"async\" width=\"2048\" height=\"100\" src=\"https:\/\/www.ejercito.mil.uy\/wp-content\/uploads\/2021\/06\/pixelado_100-1.jpg\" alt=\"\" class=\"wp-image-3443\" srcset=\"https:\/\/www.ejercito.mil.uy\/wp-content\/uploads\/2021\/06\/pixelado_100-1.jpg 2048w, https:\/\/www.ejercito.mil.uy\/wp-content\/uploads\/2021\/06\/pixelado_100-1-300x15.jpg 300w, https:\/\/www.ejercito.mil.uy\/wp-content\/uploads\/2021\/06\/pixelado_100-1-1024x50.jpg 1024w\" sizes=\"(max-width: 2048px) 100vw, 2048px\" \/><\/figure>\n<\/div>\n\n\n<div style=\"height:11px\" aria-hidden=\"true\" class=\"wp-block-spacer\"><\/div>\n\n\n<div class=\"wp-block-image imagen-front-page\">\n<figure class=\"aligncenter size-full\"><img loading=\"lazy\" decoding=\"async\" width=\"2048\" height=\"870\" src=\"https:\/\/www.ejercito.mil.uy\/wp-content\/uploads\/2023\/03\/Frase_STEVENAZZI_2023.jpg\" alt=\"\" class=\"wp-image-20189\" srcset=\"https:\/\/www.ejercito.mil.uy\/wp-content\/uploads\/2023\/03\/Frase_STEVENAZZI_2023.jpg 2048w, https:\/\/www.ejercito.mil.uy\/wp-content\/uploads\/2023\/03\/Frase_STEVENAZZI_2023-300x127.jpg 300w, https:\/\/www.ejercito.mil.uy\/wp-content\/uploads\/2023\/03\/Frase_STEVENAZZI_2023-1024x435.jpg 1024w\" sizes=\"(max-width: 2048px) 100vw, 2048px\" \/><\/figure>\n<\/div>\n\n\n<div style=\"height:11px\" aria-hidden=\"true\" class=\"wp-block-spacer\"><\/div>\n\n\n<div class=\"wp-block-image imagen-front-page\">\n<figure class=\"aligncenter size-full\"><img fetchpriority=\"high\" decoding=\"async\" width=\"2048\" height=\"100\" src=\"https:\/\/www.ejercito.mil.uy\/wp-content\/uploads\/2021\/06\/pixelado_100-1.jpg\" alt=\"\" class=\"wp-image-3443\" srcset=\"https:\/\/www.ejercito.mil.uy\/wp-content\/uploads\/2021\/06\/pixelado_100-1.jpg 2048w, https:\/\/www.ejercito.mil.uy\/wp-content\/uploads\/2021\/06\/pixelado_100-1-300x15.jpg 300w, https:\/\/www.ejercito.mil.uy\/wp-content\/uploads\/2021\/06\/pixelado_100-1-1024x50.jpg 1024w\" sizes=\"(max-width: 2048px) 100vw, 2048px\" \/><\/figure>\n<\/div>\n\n\n<div style=\"height:11px\" aria-hidden=\"true\" class=\"wp-block-spacer\"><\/div>\n\n\n\n<h2 class=\"wp-block-heading has-text-align-center\"><a href=\"https:\/\/www.flickr.com\/photos\/141564322@N08\/albums\/\" data-type=\"link\" data-id=\"https:\/\/www.flickr.com\/photos\/141564322@N08\/albums\/\">Galer\u00eda de im\u00e1genes<\/a><\/h2>\n\n\n\n<div class=\"wp-block-columns is-layout-flex wp-container-core-columns-is-layout-28f84493 wp-block-columns-is-layout-flex\">\n<div class=\"wp-block-column is-layout-flow wp-block-column-is-layout-flow\"><div class=\"wp-block-image\">\n<figure class=\"aligncenter size-full has-lightbox\"><a href=\"https:\/\/www.flickr.com\/photos\/141564322@N08\/albums\/\" target=\"_blank\" rel=\" noreferrer noopener\"><img loading=\"lazy\" decoding=\"async\" width=\"1024\" height=\"410\" src=\"https:\/\/www.ejercito.mil.uy\/wp-content\/uploads\/2025\/12\/flickr-2025.jpg\" alt=\"\" class=\"wp-image-54194\" srcset=\"https:\/\/www.ejercito.mil.uy\/wp-content\/uploads\/2025\/12\/flickr-2025.jpg 1024w, https:\/\/www.ejercito.mil.uy\/wp-content\/uploads\/2025\/12\/flickr-2025-300x120.jpg 300w\" sizes=\"(max-width: 1024px) 100vw, 1024px\" \/><\/a><\/figure>\n<\/div><\/div>\n<\/div>\n\n\n\n<div style=\"height:48px\" aria-hidden=\"true\" class=\"wp-block-spacer\"><\/div>\n\n\n\n<figure class=\"wp-block-image size-full\"><a href=\"https:\/\/www.ejercito.mil.uy\/index.php\/2021\/08\/15\/linea-0800-8353\/\"><img loading=\"lazy\" decoding=\"async\" width=\"2048\" height=\"189\" src=\"https:\/\/www.ejercito.mil.uy\/wp-content\/uploads\/2021\/08\/Footer-0800-8353.jpg\" alt=\"\" class=\"wp-image-5467\" srcset=\"https:\/\/www.ejercito.mil.uy\/wp-content\/uploads\/2021\/08\/Footer-0800-8353.jpg 2048w, https:\/\/www.ejercito.mil.uy\/wp-content\/uploads\/2021\/08\/Footer-0800-8353-300x28.jpg 300w, https:\/\/www.ejercito.mil.uy\/wp-content\/uploads\/2021\/08\/Footer-0800-8353-1024x95.jpg 1024w\" sizes=\"(max-width: 2048px) 100vw, 2048px\" \/><\/a><\/figure>\n\n\n\n<p><\/p>\n","protected":false},"excerpt":{"rendered":"<p>Noticias Galer\u00eda de im\u00e1genes<\/p>\n","protected":false},"author":1,"featured_media":0,"parent":0,"menu_order":0,"comment_status":"closed","ping_status":"closed","template":"","meta":{"_coblocks_attr":"","_coblocks_dimensions":"{\"coblocks-hero-21816344249\":{\"padding\":{}}}","_coblocks_responsive_height":"","_coblocks_accordion_ie_support":"","_monsterinsights_skip_tracking":false,"_monsterinsights_sitenote_active":false,"_monsterinsights_sitenote_note":"","_monsterinsights_sitenote_category":0,"_uf_show_specific_survey":0,"_uf_disable_surveys":false,"footnotes":""},"class_list":["post-69","page","type-page","status-publish","hentry"],"aioseo_notices":[],"_links":{"self":[{"href":"https:\/\/www.ejercito.mil.uy\/index.php\/wp-json\/wp\/v2\/pages\/69","targetHints":{"allow":["GET"]}}],"collection":[{"href":"https:\/\/www.ejercito.mil.uy\/index.php\/wp-json\/wp\/v2\/pages"}],"about":[{"href":"https:\/\/www.ejercito.mil.uy\/index.php\/wp-json\/wp\/v2\/types\/page"}],"author":[{"embeddable":true,"href":"https:\/\/www.ejercito.mil.uy\/index.php\/wp-json\/wp\/v2\/users\/1"}],"replies":[{"embeddable":true,"href":"https:\/\/www.ejercito.mil.uy\/index.php\/wp-json\/wp\/v2\/comments?post=69"}],"version-history":[{"count":554,"href":"https:\/\/www.ejercito.mil.uy\/index.php\/wp-json\/wp\/v2\/pages\/69\/revisions"}],"predecessor-version":[{"id":55184,"href":"https:\/\/www.ejercito.mil.uy\/index.php\/wp-json\/wp\/v2\/pages\/69\/revisions\/55184"}],"wp:attachment":[{"href":"https:\/\/www.ejercito.mil.uy\/index.php\/wp-json\/wp\/v2\/media?parent=69"}],"curies":[{"name":"wp","href":"https:\/\/api.w.org\/{rel}","templated":true}]}}